{"id":888,"date":"2025-03-31T15:43:31","date_gmt":"2025-03-31T15:43:31","guid":{"rendered":"https:\/\/vmtc-usa.org\/?page_id=888"},"modified":"2025-11-13T20:11:37","modified_gmt":"2025-11-13T20:11:37","slug":"vmtc-usa","status":"publish","type":"page","link":"https:\/\/vmtc-mexico.org\/es_mx\/vmtc-usa\/","title":{"rendered":"VMTC"},"content":{"rendered":"<section class=\"l-section wpb_row height_huge color_secondary with_img parallax_ver\"><div class=\"l-section-img\" role=\"img\" aria-label=\"deliverance ministry vmtc mexico, prayer session, vmtc, vmtc mexico\" data-img-width=\"2560\" data-img-height=\"1446\" style=\"background-image: url(https:\/\/vmtc-mexico.org\/wp-content\/uploads\/2025\/11\/young-people-business-education-2025-08-24-22-25-07-utc-scaled-e1763064772811.jpg);\"><\/div><div class=\"l-section-overlay\" style=\"background:linear-gradient(90deg,#000,rgba(0,0,0,0.00))\"><\/div><div class=\"l-section-h i-cf\"><div class=\"g-cols vc_row via_grid cols_1 laptops-cols_inherit tablets-cols_1 mobiles-cols_1 valign_top type_default reversed stacking_default\" style=\"--columns-gap:0rem;\"><div class=\"wpb_column vc_column_container us_custom_fd43344c\"><div class=\"vc_column-inner\"><div class=\"w-text us_custom_7151e0e3 has_text_color\"><span class=\"w-text-h\"><span class=\"w-text-value\">Liberar a los cautivos<\/span><\/span><\/div><div class=\"w-separator size_small\"><\/div><h1 class=\"w-text us_custom_4a05e928\"><span class=\"w-text-h\"><span class=\"w-text-value\">VMTC-Espanol<\/span><\/span><\/h1><div class=\"w-hwrapper valign_middle wrap align_none\" style=\"--hwrapper-gap:3rem\"><div class=\"w-btn-wrapper align_none\"><a class=\"w-btn us-btn-style_1 us_custom_0207f80c\" href=\"\/es_mx\/acerca-de\/\"><span class=\"w-btn-label\">Acerca de EE.UU.<\/span><\/a><\/div><div class=\"wpb_text_column us_custom_c855cf77\"><div class=\"wpb_wrapper\"><h3 class=\"w-text us_custom_e1351de0\"><span class=\"w-text-h\"><span class=\"w-text-value\">Experimente la libertad, la paz y una intimidad m\u00e1s profunda con Dios.<\/span><\/span><\/h3>\n<\/div><\/div><\/div><\/div><\/div><\/div><\/div><\/section><section class=\"l-section wpb_row height_custom\" id=\"about\"><div class=\"l-section-h i-cf\"><div class=\"g-cols vc_row via_grid cols_1-2 laptops-cols_inherit tablets-cols_1 mobiles-cols_1 valign_top type_default stacking_default\" style=\"--columns-gap:8vh;\"><div class=\"wpb_column vc_column_container us_custom_523ef1a8 has_bg_color\"><div class=\"vc_column-inner\"><\/div><\/div><div class=\"wpb_column vc_column_container\"><div class=\"vc_column-inner\"><h2 class=\"w-text us_custom_eb849559\"><span class=\"w-text-h\"><span class=\"w-text-value\">\u00bfSe siente atascado, abrumado o agobiado por los retos de la vida?<\/span><\/span><\/h2><div class=\"w-separator size_small\"><\/div><div class=\"wpb_text_column us_custom_eca0eec1\"><div class=\"wpb_wrapper\"><p><span>Usted no est\u00e1 solo. Todos experimentamos luchas que pueden agobiarnos, ya sea ansiedad, heridas del pasado, adicci\u00f3n, relaciones rotas o incertidumbre sobre el futuro. Estas cargas pueden sentirse pesadas, haciendo dif\u00edcil avanzar, encontrar la paz o experimentar la alegr\u00eda que Dios quiere para nosotros.<\/span><\/p>\n<\/div><\/div><div class=\"w-separator size_large\"><\/div><div class=\"g-cols wpb_row via_grid cols_2 laptops-cols_inherit tablets-cols_inherit mobiles-cols_1 valign_top type_default stacking_default\" style=\"--columns-gap:3.2rem;\"><div class=\"wpb_column vc_column_container\"><div class=\"vc_column-inner\"><div class=\"wpb_text_column us_custom_4481559d\"><div class=\"wpb_wrapper\"><h4 style=\"text-align: center;\">Experimente la curaci\u00f3n y la libertad<\/h4>\n<p><span>Si alguna de estas luchas resuena con usted, sepa que no est\u00e1 solo. Las cargas de la vida pueden sentirse abrumadoras, pero a trav\u00e9s del Ministerio Victorioso a trav\u00e9s de Cristo, usted puede experimentar la sanaci\u00f3n, la paz y la restauraci\u00f3n de Dios.<\/span><\/p>\n<\/div><\/div><\/div><\/div><div class=\"wpb_column vc_column_container\"><div class=\"vc_column-inner\"><div class=\"wpb_text_column us_custom_4481559d\"><div class=\"wpb_wrapper\"><h4 style=\"text-align: center;\">Sesi\u00f3n de oraci\u00f3n personal<\/h4>\n<p><span>Una sesi\u00f3n del Ministerio de Oraci\u00f3n Personal de VMTC proporciona un proceso guiado por el Esp\u00edritu, confidencial y de oraci\u00f3n en el que puede llevar sus heridas, luchas y cargas ante Dios y recibir su poder transformador.<\/span><\/p>\n<\/div><\/div><\/div><\/div><\/div><\/div><\/div><\/div><\/div><\/section><section class=\"l-section wpb_row height_custom\"><div class=\"l-section-h i-cf\"><div class=\"g-cols vc_row via_grid cols_2-3 laptops-cols_2 tablets-cols_inherit mobiles-cols_1 valign_middle type_default stacking_default\" style=\"--columns-gap:5%;\"><div class=\"wpb_column vc_column_container\"><div class=\"vc_column-inner\"><div class=\"wpb_text_column us_custom_63c4254a\"><div class=\"wpb_wrapper\"><h2 style=\"text-align: center;\">Ministerio de oraci\u00f3n guiada<\/h2>\n<div class=\"wpb_text_column\">\n<div class=\"wpb_wrapper\">\n<ul>\n<li>Libere las heridas del pasado y abrace el perd\u00f3n y la gracia de Dios.<\/li>\n<li>Lib\u00e9rese de las fortalezas espirituales y de las influencias negativas.<\/li>\n<li>Experimente la \"curaci\u00f3n de toda la persona\". - Anne White<\/li>\n<li>Camine en la victoria y fortalezca su relaci\u00f3n con Cristo.<\/li>\n<\/ul>\n<\/div>\n<\/div>\n<div class=\"w-separator size_small\"><\/div>\n<div class=\"wpb_text_column\">\n<div class=\"wpb_wrapper\">\n<h4>\u00bfEst\u00e1 preparado para dar el siguiente paso hacia la plenitud?<\/h4>\n<p>Le invitamos a dar un paso hacia la libertad y la vida abundante que Jes\u00fas ha prometido. A trav\u00e9s del ministerio de oraci\u00f3n Ministerio Victorioso a trav\u00e9s de Cristo, usted puede ser liberado, renovado y empoderado para vivir en victoria a trav\u00e9s de Cristo.<\/p>\n<p>\u00a1Programe hoy mismo una sesi\u00f3n del Ministerio de Oraci\u00f3n Personal y comience su viaje hacia la plenitud!<\/p>\n<\/div>\n<\/div>\n<p><a href=\"\/es_mx\/acerca-de\/\"><strong>M\u00e1s informaci\u00f3n<\/strong><\/a><\/p>\n<\/div><\/div><\/div><\/div><div class=\"wpb_column vc_column_container\"><div class=\"vc_column-inner\"><div class=\"w-image has_ratio align_none\"><div class=\"w-image-h\"><div style=\"padding-bottom:100%\"><\/div><img decoding=\"async\" width=\"1024\" height=\"683\" src=\"https:\/\/vmtc-mexico.org\/wp-content\/uploads\/2025\/11\/group-consoling-woman-speaking-at-support-group-me-2024-10-22-09-22-36-utc-1024x683.jpg\" class=\"attachment-large size-large\" alt=\"VMTC Mexico, prayer ministry, deliverance, spiritual warfare, demons, evil spirits, possession, demonization\" loading=\"lazy\" \/><\/div><\/div><\/div><\/div><\/div><\/div><\/section><section class=\"l-section wpb_row height_auto\"><div class=\"l-section-h i-cf\"><div class=\"g-cols vc_row via_grid cols_1 laptops-cols_inherit tablets-cols_inherit mobiles-cols_1 valign_top type_default stacking_default\"><div class=\"wpb_column vc_column_container\"><div class=\"vc_column-inner\"><div class=\"w-separator size_large\"><\/div><div class=\"w-text us_custom_49154edb\"><span class=\"w-text-h\"><span class=\"w-text-value\">VMTC-USA se basa en las palabras de Jes\u00fas <\/span><\/span><\/div><div class=\"w-separator size_medium\"><\/div><div class=\"w-tabs layout_hor style_radio3 switch_click remove_indents\" style=\"--sections-title-size:calc( 20px + 0.6vw )\"><div class=\"w-tabs-list items_3 align_center\" style=\"font-family:var(--h1-font-family);line-height:1.7;\"><div class=\"w-tabs-list-h\"><button class=\"w-tabs-item active\" aria-controls=\"content-pd80\" aria-expanded=\"false\"><span class=\"w-tabs-item-title\">\u00bfEst\u00e1 preparado?<\/span><\/button><button class=\"w-tabs-item\" aria-controls=\"content-j5f1\" aria-expanded=\"false\"><span class=\"w-tabs-item-title\">Una sesi\u00f3n de oraci\u00f3n NO es<\/span><\/button><button class=\"w-tabs-item\" aria-controls=\"content-l17f\" aria-expanded=\"false\"><span class=\"w-tabs-item-title\">Qu\u00e9 esperar<\/span><\/button><\/div><\/div><div class=\"w-tabs-sections titles-align_center icon_chevron cpos_right\"><div class=\"w-tabs-section active\" id=\"pd80\"><button class=\"w-tabs-section-header active\" aria-controls=\"content-pd80\" aria-expanded=\"true\"><h3 class=\"w-tabs-section-title\">\u00bfEst\u00e1 preparado?<\/h3><div class=\"w-tabs-section-control\"><\/div><\/button><div  class=\"w-tabs-section-content us_custom_cdf14ffd\" id=\"content-pd80\"><div class=\"w-tabs-section-content-h i-cf\"><div class=\"g-cols wpb_row via_grid cols_2 laptops-cols_1 tablets-cols_1 mobiles-cols_1 valign_top type_default reversed stacking_default\" style=\"--columns-gap:4vw;\"><div class=\"wpb_column vc_column_container us_custom_07e15e68 has_bg_color stretched\"><div class=\"vc_column-inner\"><\/div><\/div><div class=\"wpb_column vc_column_container\"><div class=\"vc_column-inner\"><div class=\"wpb_text_column us_custom_1c51c74b\"><div class=\"wpb_wrapper\"><p>\u00bfSe siente atascado, abrumado o agobiado por los retos de la vida? Todos nos enfrentamos a luchas que pueden agobiarnos, pero no tiene por qu\u00e9 cargar con ellas usted solo.<\/p>\n<ul>\n<li><strong>Cargas emocionales<\/strong><span>\u00a0<\/span>- El dolor no resuelto puede sentirse abrumador.<\/li>\n<li><strong>Luchas de pareja<\/strong><span>\u00a0<\/span>- Las heridas del pasado pueden afectar a la forma en que conectamos con los dem\u00e1s.<\/li>\n<li><strong>Sobrecarga de estr\u00e9s<\/strong><span>\u00a0<\/span>- Las presiones de la vida cotidiana pueden dejarnos agotados.<\/li>\n<li><strong>Traumas del pasado<\/strong><span>\u00a0<\/span>- Las experiencias dolorosas pueden seguir afectando a su bienestar actual.<\/li>\n<li><strong>H\u00e1bitos nocivos<\/strong><span>\u00a0<\/span>- Los patrones poco saludables pueden hacer que se sienta atrapado.<\/li>\n<\/ul>\n<p>Si alguna de ellas le resuena, a<span>\u00a0<\/span><strong>Sesi\u00f3n del Ministerio de Oraci\u00f3n Personal<\/strong><span>\u00a0<\/span>puede ayudarle. A trav\u00e9s de la oraci\u00f3n guiada por el Esp\u00edritu, puede encontrar sanaci\u00f3n, libertad y renovaci\u00f3n en la presencia de Dios.<\/p>\n<p>\u00bfEst\u00e1 preparado para dar el siguiente paso hacia la plenitud?<\/p>\n<\/div><\/div><\/div><\/div><\/div><div class=\"w-separator size_medium\"><\/div><\/div><\/div><\/div><div class=\"w-tabs-section\" id=\"j5f1\"><button class=\"w-tabs-section-header\" aria-controls=\"content-j5f1\" aria-expanded=\"false\"><h3 class=\"w-tabs-section-title\">Una sesi\u00f3n de oraci\u00f3n NO es<\/h3><div class=\"w-tabs-section-control\"><\/div><\/button><div  class=\"w-tabs-section-content us_custom_cdf14ffd\" id=\"content-j5f1\"><div class=\"w-tabs-section-content-h i-cf\"><div class=\"g-cols wpb_row via_grid cols_2 laptops-cols_1 tablets-cols_1 mobiles-cols_1 valign_top type_default reversed stacking_default\" style=\"--columns-gap:4vw;\"><div class=\"wpb_column vc_column_container us_custom_ba5135cd has_bg_color stretched\"><div class=\"vc_column-inner\"><\/div><\/div><div class=\"wpb_column vc_column_container\"><div class=\"vc_column-inner\"><div class=\"wpb_text_column us_custom_1c51c74b\"><div class=\"wpb_wrapper\"><p>Aunque el Ministerio de la Oraci\u00f3n es una herramienta poderosa para la curaci\u00f3n y la libertad, es importante entender lo que es<span>\u00a0<\/span><em>no<\/em>:<\/p>\n<ul>\n<li><strong>Intervenci\u00f3n en crisis<\/strong><span>\u00a0<\/span>- Nos centramos en curar las heridas pasadas de traumas y angustias, m\u00e1s que en abordar las crisis inmediatas.<\/li>\n<li><strong>Asesoramiento<\/strong><span>\u00a0<\/span>- No ofrecemos consejos ni opiniones personales. En su lugar, creamos espacio para que el Esp\u00edritu Santo gu\u00ede y traiga revelaci\u00f3n.<\/li>\n<li><strong>Sesiones en curso<\/strong><span>\u00a0<\/span>- El Ministerio de Oraci\u00f3n es un<span>\u00a0<\/span><em>una sola vez<\/em><span>\u00a0<\/span>sesi\u00f3n, confiando en que el Esp\u00edritu Santo contin\u00fae su obra m\u00e1s all\u00e1 de ese momento. Sin embargo, animamos a los individuos a recibir el ministerio de la oraci\u00f3n<span>\u00a0<\/span><strong>anualmente<\/strong><span>\u00a0<\/span>para una renovaci\u00f3n espiritual continua.<\/li>\n<\/ul>\n<p>Nuestro objetivo es ayudarle a entrar<span>\u00a0<\/span><strong>curaci\u00f3n, libertad y plenitud<\/strong>, confiando en la obra continua de Dios en su vida.<\/p>\n<\/div><\/div><\/div><\/div><\/div><div class=\"w-separator size_medium\"><\/div><\/div><\/div><\/div><div class=\"w-tabs-section\" id=\"l17f\"><button class=\"w-tabs-section-header\" aria-controls=\"content-l17f\" aria-expanded=\"false\"><h3 class=\"w-tabs-section-title\">Qu\u00e9 esperar<\/h3><div class=\"w-tabs-section-control\"><\/div><\/button><div  class=\"w-tabs-section-content us_custom_cdf14ffd\" id=\"content-l17f\"><div class=\"w-tabs-section-content-h i-cf\"><div class=\"g-cols wpb_row via_grid cols_2 laptops-cols_1 tablets-cols_1 mobiles-cols_1 valign_top type_default reversed stacking_default\" style=\"--columns-gap:4vw;\"><div class=\"wpb_column vc_column_container us_custom_99ad1b7c has_bg_color stretched\"><div class=\"vc_column-inner\"><\/div><\/div><div class=\"wpb_column vc_column_container\"><div class=\"vc_column-inner\"><div class=\"wpb_text_column us_custom_1c51c74b\"><div class=\"wpb_wrapper\"><h5><strong>Equipo formado<\/strong><\/h5>\n<p>Cada sesi\u00f3n est\u00e1 dirigida por dos ministros de oraci\u00f3n formados: un ministro principal y un ministro de apoyo. A veces, tambi\u00e9n puede estar presente una tercera persona, llamada intercesor. Cada miembro del equipo ha recibido una amplia formaci\u00f3n a trav\u00e9s de Victorious Ministry Through Christ, que incluye m\u00faltiples escuelas de ministerio de oraci\u00f3n y oportunidades de tutor\u00eda, lo que garantiza una experiencia eficaz y guiada por el Esp\u00edritu.<\/p>\n<p><strong>Transformaci\u00f3n a largo plazo<\/strong><\/p>\n<p>El Ministerio de Oraci\u00f3n no es una soluci\u00f3n r\u00e1pida para las crisis inmediatas. En lugar de ello, busca provocar un cambio profundo y duradero ayudando a las personas a entregar sus cargas a la gracia sanadora de Dios, lo que conduce a una profunda libertad en Cristo.<\/p>\n<p><strong>Servicio gratuito y voluntario<\/strong><\/p>\n<p>Nuestros ministros de oraci\u00f3n sirven voluntariamente, y no hay ning\u00fan coste por recibir el ministerio de oraci\u00f3n. Las donaciones a VMTC son bienvenidas para apoyar el ministerio, y si los ministros de oraci\u00f3n han viajado para su sesi\u00f3n, se agradece una contribuci\u00f3n para sus gastos de transporte.<\/p>\n<p><strong>Descubrir las causas profundas<\/strong><\/p>\n<p>El Ministerio de la Oraci\u00f3n va m\u00e1s all\u00e1 de los problemas superficiales para abordar las cuestiones espirituales, emocionales y relacionales subyacentes que pueden estar obstaculizando su libertad y plenitud.<\/p>\n<p><strong>Apertura y perd\u00f3n<\/strong><\/p>\n<p>La curaci\u00f3n comienza con un coraz\u00f3n humilde y honesto. Tendr\u00e1 la oportunidad de:<\/p>\n<ul>\n<li>Reciba el perd\u00f3n de Dios por los pecados pasados.<\/li>\n<li>Extienda el perd\u00f3n a otros que le hayan hecho da\u00f1o.<\/li>\n<li>Permita que el Esp\u00edritu Santo traiga sanaci\u00f3n y libertad en las \u00e1reas donde sea necesario.<\/li>\n<\/ul>\n<h5><strong>Compromiso fiel<\/strong><\/h5>\n<p>Experimentar la curaci\u00f3n es s\u00f3lo el principio. Para caminar en libertad duradera, es importante cooperar activamente con el Esp\u00edritu Santo m\u00e1s all\u00e1 de su sesi\u00f3n, comprometi\u00e9ndose a una vida de entrega y crecimiento en Cristo.<\/p>\n<h5><strong>Confidencialidad total<\/strong><\/h5>\n<p>Su sesi\u00f3n es completamente privada. No se toman notas ni se comparten detalles con nadie en ning\u00fan momento. Esto garantiza un espacio seguro y sagrado para su viaje de sanaci\u00f3n.<\/p>\n<h5><strong>Log\u00edstica<\/strong><\/h5>\n<ul>\n<li>Lugar - Las sesiones tienen lugar en un entorno c\u00f3modo y privado, a menudo una iglesia local.<\/li>\n<li>Duraci\u00f3n - Dedique tres horas a su sesi\u00f3n de oraci\u00f3n para garantizar un tiempo de ministerio minucioso y sin prisas.<\/li>\n<\/ul>\n<\/div><\/div><div class=\"w-separator size_medium\"><\/div><\/div><\/div><\/div><\/div><\/div><\/div><\/div><\/div><\/div><\/div><\/div><\/div><\/section>","protected":false},"excerpt":{"rendered":"Setting The Captives FreeVMTC-M\u00e9xicoAcerca de USExperimente la libertad, la paz y una intimidad m\u00e1s profunda con Dios. \u00bfSe siente atascado, abrumado o agobiado por los desaf\u00edos de la vida? No est\u00e1 solo. Todos experimentamos luchas que pueden agobiarnos, ya sea ansiedad, heridas del pasado, adicci\u00f3n, relaciones rotas o incertidumbre sobre el futuro. Estas cargas pueden sentirse pesadas, dificultando...","protected":false},"author":1,"featured_media":0,"parent":0,"menu_order":0,"comment_status":"closed","ping_status":"closed","template":"","meta":{"om_disable_all_campaigns":false,"_monsterinsights_skip_tracking":false,"_monsterinsights_sitenote_active":false,"_monsterinsights_sitenote_note":"","_monsterinsights_sitenote_category":0,"footnotes":""},"class_list":["post-888","page","type-page","status-publish","hentry"],"aioseo_notices":[],"_links":{"self":[{"href":"https:\/\/vmtc-mexico.org\/es_mx\/wp-json\/wp\/v2\/pages\/888","targetHints":{"allow":["GET"]}}],"collection":[{"href":"https:\/\/vmtc-mexico.org\/es_mx\/wp-json\/wp\/v2\/pages"}],"about":[{"href":"https:\/\/vmtc-mexico.org\/es_mx\/wp-json\/wp\/v2\/types\/page"}],"author":[{"embeddable":true,"href":"https:\/\/vmtc-mexico.org\/es_mx\/wp-json\/wp\/v2\/users\/1"}],"replies":[{"embeddable":true,"href":"https:\/\/vmtc-mexico.org\/es_mx\/wp-json\/wp\/v2\/comments?post=888"}],"version-history":[{"count":32,"href":"https:\/\/vmtc-mexico.org\/es_mx\/wp-json\/wp\/v2\/pages\/888\/revisions"}],"predecessor-version":[{"id":1113,"href":"https:\/\/vmtc-mexico.org\/es_mx\/wp-json\/wp\/v2\/pages\/888\/revisions\/1113"}],"wp:attachment":[{"href":"https:\/\/vmtc-mexico.org\/es_mx\/wp-json\/wp\/v2\/media?parent=888"}],"curies":[{"name":"wp","href":"https:\/\/api.w.org\/{rel}","templated":true}]}}